{"id":9140,"date":"2025-08-26T14:33:17","date_gmt":"2025-08-26T12:33:17","guid":{"rendered":"https:\/\/alexandredeschaumes.com\/?page_id=9140"},"modified":"2025-08-26T14:56:41","modified_gmt":"2025-08-26T12:56:41","slug":"cuernos-del-paine-photographie-patagonie","status":"publish","type":"page","link":"https:\/\/alexandredeschaumes.com\/en\/cuernos-del-paine-photographie-patagonie\/","title":{"rendered":"Les Cuernos du Paine \u2013 Photographie en Patagonie, Chili | Alexandre Deschaumes"},"content":{"rendered":"<h2>Les Montagnes Hallucin\u00e9es<\/h2>\n<p>Dans le massif sauvage des <strong>Torres del Paine<\/strong>, au c\u0153ur de la <strong>Patagonie chilienne<\/strong>,<br \/>les c\u00e9l\u00e8bres <em>Cuernos del Paine<\/em> se dressent comme des murailles d\u2019un autre temps.<br \/>Capt\u00e9e au lendemain d\u2019une temp\u00eate, cette sc\u00e8ne r\u00e9v\u00e8le une <strong>lumi\u00e8re fantomatique<\/strong><br \/>o\u00f9 les sommets s\u2019enveloppent de brumes, dans une atmosph\u00e8re \u00e0 la fois dramatique et irr\u00e9elle.<\/p>\n<p>Cette \u0153uvre, r\u00e9alis\u00e9e en <strong>assemblage de 12 images \u00e0 300 mm<\/strong>, d\u00e9voile les reliefs tourment\u00e9s<br \/>des Cuernos avec une pr\u00e9cision saisissante.<br \/>En observant la photographie en grand format, on distingue m\u00eame la silhouette d\u2019un <strong>condor des Andes<\/strong>,<br \/>gardien de ces paysages extr\u00eames.<\/p>\n<p>Intitul\u00e9e <em>Les Montagnes Hallucin\u00e9es<\/em>, en hommage \u00e0 l\u2019univers litt\u00e9raire de <strong>H.P. Lovecraft<\/strong>,<br \/>cette image a marqu\u00e9 mon parcours en \u00e9tant <strong>finaliste au BBC Wildlife Photographer of the Year 2016<\/strong>.<\/p>\n<p>Tirages d\u2019art en \u00e9dition limit\u00e9e, disponibles sur demande.<\/p>\n\n\n<figure class=\"taz_figure taz_isWide\" data-availability=\"low\" data-canzoom=\"1\" data-item-id=\"49\" data-module=\"image\">\n\t<div class=\"taz_layouter\"><a href=\"\/wordpress\/wp-content\/uploads\/5770-torres-del-paine-patagonie-cuernos.jpg\" class=\"taz_imageLink\" data-bind=\"1\"><span class=\"taz_imageWrapper taz_shadow taz_noStyle\"><img decoding=\"async\" class=\"taz_image\" alt=\"Cuernos del Paine, massif Torres del Paine en Patagonie, Chili. Lumi&egrave;re fantomatique apr&egrave;s la temp&ecirc;te, condor des Andes visible dans la sc&egrave;ne.\" src=\"\/wordpress\/wp-content\/themes\/AlexandreDeschaumes\/DevKit\/inc\/taz_imagePlaceholder.php?width=3250&height=1445&color=#47423B\" data-src=\"\/wordpress\/wp-content\/uploads\/5770-torres-del-paine-patagonie-cuernos.jpg\" title=\"Les Montagnes Hallucin&amp;eacute;es\"><\/span><\/a><i class=\"taz_symbol-info taz_trigger taz_exifAreaTrigger\" title=\"Show EXIF\" data-image-filename=\"5770-torres-del-paine-patagonie-cuernos.jpg\"><\/i>\n\t\t<img decoding=\"async\" class=\"taz_item-frame\" src=\"\/wordpress\/wp-content\/themes\/AlexandreDeschaumes\/DevKit\/inc\/taz_imagePlaceholder.php?width=3250&height=1445&color=%23FFFFFF00\"> \n\t<\/div>\n<\/figure>","protected":false},"excerpt":{"rendered":"<p>Cuernos del Paine, Patagonie. Lumi\u00e8re fantomatique apr\u00e8s la temp\u00eate, condor des Andes visible. Assemblage de 12 images \u00e0 300 mm. \u0152uvre \u00ab Les Montagnes Hallucin\u00e9es \u00bb, finaliste BBC WPY 2016.<\/p>\n","protected":false},"author":4,"featured_media":49,"parent":0,"menu_order":0,"comment_status":"closed","ping_status":"closed","template":"","meta":{"_acf_changed":false,"footnotes":""},"class_list":["post-9140","page","type-page","status-publish","has-post-thumbnail","hentry"],"acf":[],"yoast_head":"<!-- This site is optimized with the Yoast SEO plugin v27.1.1 - https:\/\/yoast.com\/product\/yoast-seo-wordpress\/ -->\n<title>Les Cuernos du Paine \u2013 Photographie en Patagonie, Chili | Alexandre Deschaumes &#8226; Alexandre Deschaumes<\/title>\n<meta name=\"description\" content=\"Photographie des Cuernos, massif Torres del Paine (Patagonie, Chili). Lumi\u00e8re fantomatique apr\u00e8s la temp\u00eate, condor des Andes. Finaliste BBC WPY 2016.\" \/>\n<meta name=\"robots\" content=\"index, follow, max-snippet:-1, max-image-preview:large, max-video-preview:-1\" \/>\n<link rel=\"canonical\" href=\"https:\/\/alexandredeschaumes.com\/en\/cuernos-del-paine-photographie-patagonie\/\" \/>\n<meta property=\"og:locale\" content=\"en_US\" \/>\n<meta property=\"og:type\" content=\"article\" \/>\n<meta property=\"og:title\" content=\"Les Cuernos du Paine \u2013 Photographie en Patagonie, Chili | Alexandre Deschaumes &#8226; Alexandre Deschaumes\" \/>\n<meta property=\"og:description\" content=\"Photographie des Cuernos, massif Torres del Paine (Patagonie, Chili). Lumi\u00e8re fantomatique apr\u00e8s la temp\u00eate, condor des Andes. Finaliste BBC WPY 2016.\" \/>\n<meta property=\"og:url\" content=\"https:\/\/alexandredeschaumes.com\/en\/cuernos-del-paine-photographie-patagonie\/\" \/>\n<meta property=\"og:site_name\" content=\"Alexandre Deschaumes\" \/>\n<meta property=\"article:modified_time\" content=\"2025-08-26T12:56:41+00:00\" \/>\n<meta property=\"og:image\" content=\"https:\/\/alexandredeschaumes.com\/wordpress\/wp-content\/uploads\/5770-torres-del-paine-patagonie-cuernos.jpg\" \/>\n\t<meta property=\"og:image:width\" content=\"3250\" \/>\n\t<meta property=\"og:image:height\" content=\"1445\" \/>\n\t<meta property=\"og:image:type\" content=\"image\/jpeg\" \/>\n<meta name=\"twitter:card\" content=\"summary_large_image\" \/>\n<meta name=\"twitter:label1\" content=\"Est. reading time\" \/>\n\t<meta name=\"twitter:data1\" content=\"1 minute\" \/>\n<script type=\"application\/ld+json\" class=\"yoast-schema-graph\">{\"@context\":\"https:\/\/schema.org\",\"@graph\":[{\"@type\":\"WebPage\",\"@id\":\"https:\/\/alexandredeschaumes.com\/en\/cuernos-del-paine-photographie-patagonie\/\",\"url\":\"https:\/\/alexandredeschaumes.com\/en\/cuernos-del-paine-photographie-patagonie\/\",\"name\":\"Les Cuernos du Paine \u2013 Photographie en Patagonie, Chili | Alexandre Deschaumes &#8226; Alexandre Deschaumes\",\"isPartOf\":{\"@id\":\"https:\/\/alexandredeschaumes.com\/en\/#website\"},\"primaryImageOfPage\":{\"@id\":\"https:\/\/alexandredeschaumes.com\/en\/cuernos-del-paine-photographie-patagonie\/#primaryimage\"},\"image\":{\"@id\":\"https:\/\/alexandredeschaumes.com\/en\/cuernos-del-paine-photographie-patagonie\/#primaryimage\"},\"thumbnailUrl\":\"https:\/\/alexandredeschaumes.com\/wordpress\/wp-content\/uploads\/5770-torres-del-paine-patagonie-cuernos.jpg\",\"datePublished\":\"2025-08-26T12:33:17+00:00\",\"dateModified\":\"2025-08-26T12:56:41+00:00\",\"description\":\"Photographie des Cuernos, massif Torres del Paine (Patagonie, Chili). Lumi\u00e8re fantomatique apr\u00e8s la temp\u00eate, condor des Andes. Finaliste BBC WPY 2016.\",\"breadcrumb\":{\"@id\":\"https:\/\/alexandredeschaumes.com\/en\/cuernos-del-paine-photographie-patagonie\/#breadcrumb\"},\"inLanguage\":\"en-US\",\"potentialAction\":[{\"@type\":\"ReadAction\",\"target\":[\"https:\/\/alexandredeschaumes.com\/en\/cuernos-del-paine-photographie-patagonie\/\"]}]},{\"@type\":\"ImageObject\",\"inLanguage\":\"en-US\",\"@id\":\"https:\/\/alexandredeschaumes.com\/en\/cuernos-del-paine-photographie-patagonie\/#primaryimage\",\"url\":\"https:\/\/alexandredeschaumes.com\/wordpress\/wp-content\/uploads\/5770-torres-del-paine-patagonie-cuernos.jpg\",\"contentUrl\":\"https:\/\/alexandredeschaumes.com\/wordpress\/wp-content\/uploads\/5770-torres-del-paine-patagonie-cuernos.jpg\",\"width\":3250,\"height\":1445,\"caption\":\"Les Cuernos du massif Torres del Paine (Patagonie, Chili), baign\u00e9s d\u2019une lumi\u00e8re fantomatique apr\u00e8s la temp\u00eate. \u0152uvre intitul\u00e9e *Les Montagnes Hallucin\u00e9es*, en r\u00e9f\u00e9rence \u00e0 H.P. Lovecraft. Photographie finaliste au BBC Wildlife Photographer of the Year 2016.\"},{\"@type\":\"BreadcrumbList\",\"@id\":\"https:\/\/alexandredeschaumes.com\/en\/cuernos-del-paine-photographie-patagonie\/#breadcrumb\",\"itemListElement\":[{\"@type\":\"ListItem\",\"position\":1,\"name\":\"Accueil\",\"item\":\"https:\/\/alexandredeschaumes.com\/en\/\"},{\"@type\":\"ListItem\",\"position\":2,\"name\":\"Les Cuernos du Paine \u2013 Photographie en Patagonie, Chili | Alexandre Deschaumes\"}]},{\"@type\":\"WebSite\",\"@id\":\"https:\/\/alexandredeschaumes.com\/en\/#website\",\"url\":\"https:\/\/alexandredeschaumes.com\/en\/\",\"name\":\"Alexandre Deschaumes\",\"description\":\"Voyage \u00c9th\u00e9r\u00e9\",\"publisher\":{\"@id\":\"https:\/\/alexandredeschaumes.com\/en\/#\/schema\/person\/3f2eb1dca0b06296625cf6271563acac\"},\"potentialAction\":[{\"@type\":\"SearchAction\",\"target\":{\"@type\":\"EntryPoint\",\"urlTemplate\":\"https:\/\/alexandredeschaumes.com\/en\/?s={search_term_string}\"},\"query-input\":{\"@type\":\"PropertyValueSpecification\",\"valueRequired\":true,\"valueName\":\"search_term_string\"}}],\"inLanguage\":\"en-US\"},{\"@type\":[\"Person\",\"Organization\"],\"@id\":\"https:\/\/alexandredeschaumes.com\/en\/#\/schema\/person\/3f2eb1dca0b06296625cf6271563acac\",\"name\":\"Alexandre Deschaumes\",\"image\":{\"@type\":\"ImageObject\",\"inLanguage\":\"en-US\",\"@id\":\"https:\/\/alexandredeschaumes.com\/en\/#\/schema\/person\/image\/\",\"url\":\"https:\/\/alexandredeschaumes.com\/wordpress\/wp-content\/uploads\/Avatar-AlexandreDeschaumes-Brown.jpg\",\"contentUrl\":\"https:\/\/alexandredeschaumes.com\/wordpress\/wp-content\/uploads\/Avatar-AlexandreDeschaumes-Brown.jpg\",\"width\":1200,\"height\":1200,\"caption\":\"Alexandre Deschaumes\"},\"logo\":{\"@id\":\"https:\/\/alexandredeschaumes.com\/en\/#\/schema\/person\/image\/\"}}]}<\/script>\n<!-- \/ Yoast SEO plugin. -->","yoast_head_json":{"title":"Les Cuernos du Paine \u2013 Photographie en Patagonie, Chili | Alexandre Deschaumes &#8226; Alexandre Deschaumes","description":"Photographie des Cuernos, massif Torres del Paine (Patagonie, Chili). Lumi\u00e8re fantomatique apr\u00e8s la temp\u00eate, condor des Andes. Finaliste BBC WPY 2016.","robots":{"index":"index","follow":"follow","max-snippet":"max-snippet:-1","max-image-preview":"max-image-preview:large","max-video-preview":"max-video-preview:-1"},"canonical":"https:\/\/alexandredeschaumes.com\/en\/cuernos-del-paine-photographie-patagonie\/","og_locale":"en_US","og_type":"article","og_title":"Les Cuernos du Paine \u2013 Photographie en Patagonie, Chili | Alexandre Deschaumes &#8226; Alexandre Deschaumes","og_description":"Photographie des Cuernos, massif Torres del Paine (Patagonie, Chili). Lumi\u00e8re fantomatique apr\u00e8s la temp\u00eate, condor des Andes. Finaliste BBC WPY 2016.","og_url":"https:\/\/alexandredeschaumes.com\/en\/cuernos-del-paine-photographie-patagonie\/","og_site_name":"Alexandre Deschaumes","article_modified_time":"2025-08-26T12:56:41+00:00","og_image":[{"width":3250,"height":1445,"url":"https:\/\/alexandredeschaumes.com\/wordpress\/wp-content\/uploads\/5770-torres-del-paine-patagonie-cuernos.jpg","type":"image\/jpeg"}],"twitter_card":"summary_large_image","twitter_misc":{"Est. reading time":"1 minute"},"schema":{"@context":"https:\/\/schema.org","@graph":[{"@type":"WebPage","@id":"https:\/\/alexandredeschaumes.com\/en\/cuernos-del-paine-photographie-patagonie\/","url":"https:\/\/alexandredeschaumes.com\/en\/cuernos-del-paine-photographie-patagonie\/","name":"Les Cuernos du Paine \u2013 Photographie en Patagonie, Chili | Alexandre Deschaumes &#8226; Alexandre Deschaumes","isPartOf":{"@id":"https:\/\/alexandredeschaumes.com\/en\/#website"},"primaryImageOfPage":{"@id":"https:\/\/alexandredeschaumes.com\/en\/cuernos-del-paine-photographie-patagonie\/#primaryimage"},"image":{"@id":"https:\/\/alexandredeschaumes.com\/en\/cuernos-del-paine-photographie-patagonie\/#primaryimage"},"thumbnailUrl":"https:\/\/alexandredeschaumes.com\/wordpress\/wp-content\/uploads\/5770-torres-del-paine-patagonie-cuernos.jpg","datePublished":"2025-08-26T12:33:17+00:00","dateModified":"2025-08-26T12:56:41+00:00","description":"Photographie des Cuernos, massif Torres del Paine (Patagonie, Chili). Lumi\u00e8re fantomatique apr\u00e8s la temp\u00eate, condor des Andes. Finaliste BBC WPY 2016.","breadcrumb":{"@id":"https:\/\/alexandredeschaumes.com\/en\/cuernos-del-paine-photographie-patagonie\/#breadcrumb"},"inLanguage":"en-US","potentialAction":[{"@type":"ReadAction","target":["https:\/\/alexandredeschaumes.com\/en\/cuernos-del-paine-photographie-patagonie\/"]}]},{"@type":"ImageObject","inLanguage":"en-US","@id":"https:\/\/alexandredeschaumes.com\/en\/cuernos-del-paine-photographie-patagonie\/#primaryimage","url":"https:\/\/alexandredeschaumes.com\/wordpress\/wp-content\/uploads\/5770-torres-del-paine-patagonie-cuernos.jpg","contentUrl":"https:\/\/alexandredeschaumes.com\/wordpress\/wp-content\/uploads\/5770-torres-del-paine-patagonie-cuernos.jpg","width":3250,"height":1445,"caption":"Les Cuernos du massif Torres del Paine (Patagonie, Chili), baign\u00e9s d\u2019une lumi\u00e8re fantomatique apr\u00e8s la temp\u00eate. \u0152uvre intitul\u00e9e *Les Montagnes Hallucin\u00e9es*, en r\u00e9f\u00e9rence \u00e0 H.P. Lovecraft. Photographie finaliste au BBC Wildlife Photographer of the Year 2016."},{"@type":"BreadcrumbList","@id":"https:\/\/alexandredeschaumes.com\/en\/cuernos-del-paine-photographie-patagonie\/#breadcrumb","itemListElement":[{"@type":"ListItem","position":1,"name":"Accueil","item":"https:\/\/alexandredeschaumes.com\/en\/"},{"@type":"ListItem","position":2,"name":"Les Cuernos du Paine \u2013 Photographie en Patagonie, Chili | Alexandre Deschaumes"}]},{"@type":"WebSite","@id":"https:\/\/alexandredeschaumes.com\/en\/#website","url":"https:\/\/alexandredeschaumes.com\/en\/","name":"Alexandre Deschaumes","description":"Voyage \u00c9th\u00e9r\u00e9","publisher":{"@id":"https:\/\/alexandredeschaumes.com\/en\/#\/schema\/person\/3f2eb1dca0b06296625cf6271563acac"},"potentialAction":[{"@type":"SearchAction","target":{"@type":"EntryPoint","urlTemplate":"https:\/\/alexandredeschaumes.com\/en\/?s={search_term_string}"},"query-input":{"@type":"PropertyValueSpecification","valueRequired":true,"valueName":"search_term_string"}}],"inLanguage":"en-US"},{"@type":["Person","Organization"],"@id":"https:\/\/alexandredeschaumes.com\/en\/#\/schema\/person\/3f2eb1dca0b06296625cf6271563acac","name":"Alexandre Deschaumes","image":{"@type":"ImageObject","inLanguage":"en-US","@id":"https:\/\/alexandredeschaumes.com\/en\/#\/schema\/person\/image\/","url":"https:\/\/alexandredeschaumes.com\/wordpress\/wp-content\/uploads\/Avatar-AlexandreDeschaumes-Brown.jpg","contentUrl":"https:\/\/alexandredeschaumes.com\/wordpress\/wp-content\/uploads\/Avatar-AlexandreDeschaumes-Brown.jpg","width":1200,"height":1200,"caption":"Alexandre Deschaumes"},"logo":{"@id":"https:\/\/alexandredeschaumes.com\/en\/#\/schema\/person\/image\/"}}]}},"_links":{"self":[{"href":"https:\/\/alexandredeschaumes.com\/en\/wp-json\/wp\/v2\/pages\/9140","targetHints":{"allow":["GET"]}}],"collection":[{"href":"https:\/\/alexandredeschaumes.com\/en\/wp-json\/wp\/v2\/pages"}],"about":[{"href":"https:\/\/alexandredeschaumes.com\/en\/wp-json\/wp\/v2\/types\/page"}],"author":[{"embeddable":true,"href":"https:\/\/alexandredeschaumes.com\/en\/wp-json\/wp\/v2\/users\/4"}],"replies":[{"embeddable":true,"href":"https:\/\/alexandredeschaumes.com\/en\/wp-json\/wp\/v2\/comments?post=9140"}],"version-history":[{"count":15,"href":"https:\/\/alexandredeschaumes.com\/en\/wp-json\/wp\/v2\/pages\/9140\/revisions"}],"predecessor-version":[{"id":9159,"href":"https:\/\/alexandredeschaumes.com\/en\/wp-json\/wp\/v2\/pages\/9140\/revisions\/9159"}],"wp:featuredmedia":[{"embeddable":true,"href":"https:\/\/alexandredeschaumes.com\/en\/wp-json\/wp\/v2\/media\/49"}],"wp:attachment":[{"href":"https:\/\/alexandredeschaumes.com\/en\/wp-json\/wp\/v2\/media?parent=9140"}],"curies":[{"name":"wp","href":"https:\/\/api.w.org\/{rel}","templated":true}]}}