{"id":8957,"date":"2025-02-03T11:26:44","date_gmt":"2025-02-03T10:26:44","guid":{"rendered":"https:\/\/alexandredeschaumes.com\/?page_id=8957"},"modified":"2025-08-27T11:28:22","modified_gmt":"2025-08-27T09:28:22","slug":"photographies-en-tres-haute-resolution","status":"publish","type":"page","link":"https:\/\/alexandredeschaumes.com\/en\/photographies-en-tres-haute-resolution\/","title":{"rendered":"Photographies en tr\u00e8s haute r\u00e9solution"},"content":{"rendered":"\n<p>D\u00e9couvrez ici une s\u00e9lection d\u2019images d\u2019une pr\u00e9cision exceptionnelle, allant de 100 \u00e0 1000 m\u00e9gapixels. Ces panoramas captivants vous offrent la possibilit\u00e9 d\u2019explorer chaque d\u00e9tail des paysages : animaux sauvages, alpinistes, b\u00e2timents ou encore textures subtiles se r\u00e9v\u00e8lent au fil de votre navigation.<\/p>\n\n\n\n<p>Pour profiter pleinement de cette exp\u00e9rience immersive, un grand \u00e9cran en mode plein \u00e9cran ainsi qu'une connexion internet rapide sont recommand\u00e9s.<\/p>\n\n\n\n<p>Si vous souhaitez une impression sur mesure de grande taille, je peux r\u00e9pondre \u00e0 vos demandes sp\u00e9cifiques. Selon l\u2019image, des impressions de tr\u00e8s grand format, jusqu\u2019\u00e0 5 \u00e0 7 m\u00e8tres de longueur, sont g\u00e9n\u00e9ralement possibles. N\u2019h\u00e9sitez pas \u00e0 me contacter pour plus d\u2019informations.<\/p>\n\n\n<h2 class=\"taz_figure-title\">0764 | Vallon \u00c9ternel (Haute-Savoie) | 950 MP<\/h2>\n<figure class=\"taz_figure\" data-availability=\"high\" data-canzoom=\"\" data-item-id=\"8954\" data-module=\"image\">\n\t<div class=\"taz_layouter\"><a href=\"https:\/\/alexandredeschaumes.com\/ad__0764-diosaz-automne-haute-savoie-hd\/?trigger-hd=true\"target=\"_self\" class=\"taz_imageLink\"><span class=\"taz_imageWrapper taz_shadow taz_roundedStyle\"><img decoding=\"async\" class=\"taz_image\" alt=\"Vallon de la Diosaz, Haute Savoie\" src=\"\/wordpress\/wp-content\/themes\/AlexandreDeschaumes\/DevKit\/inc\/taz_imagePlaceholder.php?width=2500&height=1406&color=\" data-src=\"\/wordpress\/wp-content\/uploads\/AD__0764-Diosaz-automne-haute-savoie-HD.jpg\" title=\"0764 | Vallon &Eacute;ternel (Haute-Savoie) | 950 MP\"><\/span><\/a>\n\t\t<img decoding=\"async\" class=\"taz_item-frame\" src=\"\/wordpress\/wp-content\/themes\/AlexandreDeschaumes\/DevKit\/inc\/taz_imagePlaceholder.php?width=2500&height=1406&color=%23FFFFFF00\"> \n\t<\/div>\n<\/figure>\n\n<h2 class=\"taz_figure-title\">7195 | Grand lac du Mon\u00eatier ( Hautes Alpes ) | 200 MP<\/h2>\n<figure class=\"taz_figure\" data-availability=\"high\" data-canzoom=\"\" data-item-id=\"8873\" data-module=\"image\">\n\t<div class=\"taz_layouter\"><a href=\"https:\/\/alexandredeschaumes.com\/7195-cerces-claree-grand-lac-ponsoniere\/?trigger-hd=true\"target=\"_self\" class=\"taz_imageLink\"><span class=\"taz_imageWrapper taz_shadow taz_roundedStyle\"><img decoding=\"async\" class=\"taz_image\" alt=\"Cerces\" src=\"\/wordpress\/wp-content\/themes\/AlexandreDeschaumes\/DevKit\/inc\/taz_imagePlaceholder.php?width=2500&height=1406&color=#644E41\" data-src=\"\/wordpress\/wp-content\/uploads\/7195-cerces-claree-grand-lac-ponsoniere.jpg\" title=\"7195 | Grand lac du Mon&ecirc;tier ( Hautes Alpes ) | 200 MP\"><\/span><\/a>\n\t\t<img decoding=\"async\" class=\"taz_item-frame\" src=\"\/wordpress\/wp-content\/themes\/AlexandreDeschaumes\/DevKit\/inc\/taz_imagePlaceholder.php?width=2500&height=1406&color=%23FFFFFF00\"> \n\t<\/div>\n<\/figure>\n\n<h2 class=\"taz_figure-title\">9666 | Survol d'Anterne (Haute-Savoie) | 200 MP<\/h2>\n<figure class=\"taz_figure\" data-availability=\"high\" data-canzoom=\"\" data-item-id=\"107\" data-module=\"image\">\n\t<div class=\"taz_layouter\"><a href=\"https:\/\/alexandredeschaumes.com\/stitched-panorama-3\/?trigger-hd=true\"target=\"_self\" class=\"taz_imageLink\"><span class=\"taz_imageWrapper taz_shadow taz_roundedStyle\"><img decoding=\"async\" class=\"taz_image\" alt=\"Lac d&rsquo;Anterne et Buet vus depuis la T&ecirc;te &agrave; l&rsquo;&Acirc;ne, massif des Fiz, Haute-Savoie &ndash; photographie haute d&eacute;finition d&rsquo;Alexandre Deschaumes.\" src=\"\/wordpress\/wp-content\/themes\/AlexandreDeschaumes\/DevKit\/inc\/taz_imagePlaceholder.php?width=2500&height=1667&color=#99856D\" data-src=\"\/wordpress\/wp-content\/uploads\/9666-lac-anterne-fiz-survol-haute-defition-sixt-buet.jpg\" title=\"9666 | Survol d&#039;Anterne (Haute-Savoie) | 200 MP\"><\/span><\/a>\n\t\t<img decoding=\"async\" class=\"taz_item-frame\" src=\"\/wordpress\/wp-content\/themes\/AlexandreDeschaumes\/DevKit\/inc\/taz_imagePlaceholder.php?width=2500&height=1667&color=%23FFFFFF00\"> \n\t<\/div>\n<\/figure>\n\n<h2 class=\"taz_figure-title\">3548 | La tour de glace (Les Drus,Haute-Savoie) |  300 MP<\/h2>\n<figure class=\"taz_figure\" data-availability=\"high\" data-canzoom=\"\" data-item-id=\"64\" data-module=\"image\">\n\t<div class=\"taz_layouter\"><a href=\"https:\/\/alexandredeschaumes.com\/3548-3577-chamonix-les-drus-givre-mont-blanc-hiver-bleu-blanc\/?trigger-hd=true\"target=\"_self\" class=\"taz_imageLink\"><span class=\"taz_imageWrapper taz_shadow taz_roundedStyle\"><img decoding=\"async\" class=\"taz_image\" alt=\"chamonix mont blanc montenvers bleu blanc drus givree hiver assemblage\" src=\"\/wordpress\/wp-content\/themes\/AlexandreDeschaumes\/DevKit\/inc\/taz_imagePlaceholder.php?width=2500&height=1667&color=#838584\" data-src=\"\/wordpress\/wp-content\/uploads\/3548-3577-chamonix-les-drus-givre-mont-blanc-hiver-bleu-blanc.jpg\" title=\"3548 | La tour de glace (Les Drus,Haute-Savoie) |  300 MP\"><\/span><\/a>\n\t\t<img decoding=\"async\" class=\"taz_item-frame\" src=\"\/wordpress\/wp-content\/themes\/AlexandreDeschaumes\/DevKit\/inc\/taz_imagePlaceholder.php?width=2500&height=1667&color=%23FFFFFF00\"> \n\t<\/div>\n<\/figure>\n\n<h2 class=\"taz_figure-title\">7410 | Puret\u00e9 hivernale sur les Aravis (Haute-Savoie) |  470 MP<\/h2>\n<figure class=\"taz_figure\" data-availability=\"high\" data-canzoom=\"\" data-item-id=\"5137\" data-module=\"image\">\n\t<div class=\"taz_layouter\"><a href=\"https:\/\/alexandredeschaumes.com\/7410-hd-aravis-sous-dine-plateau-hivernal-haute-savoie-pure-neige\/?trigger-hd=true\"target=\"_self\" class=\"taz_imageLink\"><span class=\"taz_imageWrapper taz_shadow taz_roundedStyle\"><img decoding=\"async\" class=\"taz_image\" alt=\"Aravis-gigapixel-sous-dine-plateau-hivernal-haute-savoie-pure-neige\" src=\"\/wordpress\/wp-content\/themes\/AlexandreDeschaumes\/DevKit\/inc\/taz_imagePlaceholder.php?width=2544&height=1131&color=#765848\" data-src=\"\/wordpress\/wp-content\/uploads\/7410-HD-Aravis-sous-dine-plateau-hivernal-haute-savoie-pure-neige.jpg\" title=\"7410 | Puret&eacute; hivernale sur les Aravis (Haute-Savoie) |  470 MP\"><\/span><\/a>\n\t\t<img decoding=\"async\" class=\"taz_item-frame\" src=\"\/wordpress\/wp-content\/themes\/AlexandreDeschaumes\/DevKit\/inc\/taz_imagePlaceholder.php?width=2544&height=1131&color=%23FFFFFF00\"> \n\t<\/div>\n<\/figure>\n\n<h2 class=\"taz_figure-title\">1754 | Lever de lune sur le massif du Mont Blanc | 800 MP<\/h2>\n<figure class=\"taz_figure\" data-availability=\"high\" data-canzoom=\"\" data-item-id=\"8990\" data-module=\"image\">\n\t<div class=\"taz_layouter\"><a href=\"https:\/\/alexandredeschaumes.com\/1754-mont-blanc-panorama-hd-assemblage-mont-arbois-megeve-lune\/?trigger-hd=true\"target=\"_self\" class=\"taz_imageLink\"><span class=\"taz_imageWrapper taz_shadow taz_roundedStyle\"><img decoding=\"async\" class=\"taz_image\" alt=\"Massif du Mont Blanc\" src=\"\/wordpress\/wp-content\/themes\/AlexandreDeschaumes\/DevKit\/inc\/taz_imagePlaceholder.php?width=2500&height=833&color=#727A8A\" data-src=\"\/wordpress\/wp-content\/uploads\/1754-mont-blanc-panorama-HD-assemblage-mont-arbois-megeve-lune.jpg\" title=\"1754 | Lever de lune sur le massif du Mont Blanc | 800 MP\"><\/span><\/a>\n\t\t<img decoding=\"async\" class=\"taz_item-frame\" src=\"\/wordpress\/wp-content\/themes\/AlexandreDeschaumes\/DevKit\/inc\/taz_imagePlaceholder.php?width=2500&height=833&color=%23FFFFFF00\"> \n\t<\/div>\n<\/figure>\n\n<h2 class=\"taz_figure-title\">3421 | La Majest\u00e9 du Fitz Roy (Patagonie) | 190 MP<\/h2>\n<figure class=\"taz_figure\" data-availability=\"high\" data-canzoom=\"\" data-item-id=\"1049\" data-module=\"image\">\n\t<div class=\"taz_layouter\"><a href=\"https:\/\/alexandredeschaumes.com\/photos\/all\/attachment\/3421-fitz-roy-patagonia\/?trigger-hd=true\"target=\"_self\" class=\"taz_imageLink\"><span class=\"taz_imageWrapper taz_shadow taz_roundedStyle\"><img decoding=\"async\" class=\"taz_image\" alt=\"Fitz Roy Patagonie\" src=\"\/wordpress\/wp-content\/themes\/AlexandreDeschaumes\/DevKit\/inc\/taz_imagePlaceholder.php?width=2500&height=1111&color=#797774\" data-src=\"\/wordpress\/wp-content\/uploads\/3421-fitz-roy-argentine-patagonie-pano-HD-1.jpg\" title=\"3421 | La Majest&eacute; du Fitz Roy (Patagonie) | 190 MP\"><\/span><\/a>\n\t\t<img decoding=\"async\" class=\"taz_item-frame\" src=\"\/wordpress\/wp-content\/themes\/AlexandreDeschaumes\/DevKit\/inc\/taz_imagePlaceholder.php?width=2500&height=1111&color=%23FFFFFF00\"> \n\t<\/div>\n<\/figure>\n\n<h2 class=\"taz_figure-title\">5986 | Combe des Fours - Aravis (Haute Savoie) | 400 MP<\/h2>\n<figure class=\"taz_figure\" data-availability=\"high\" data-canzoom=\"\" data-item-id=\"8999\" data-module=\"image\">\n\t<div class=\"taz_layouter\"><a href=\"https:\/\/alexandredeschaumes.com\/aravis-vallee-arve-panorama-haute-savoie\/?trigger-hd=true\"target=\"_self\" class=\"taz_imageLink\"><span class=\"taz_imageWrapper taz_shadow taz_roundedStyle\"><img decoding=\"async\" class=\"taz_image\" alt=\"Aravis\" src=\"\/wordpress\/wp-content\/themes\/AlexandreDeschaumes\/DevKit\/inc\/taz_imagePlaceholder.php?width=2500&height=1111&color=#6F6662\" data-src=\"\/wordpress\/wp-content\/uploads\/5986-aravis-vallee-arve-sallanches.jpg\" title=\"5986 | Combe des Fours - Aravis (Haute Savoie) | 400 MP\"><\/span><\/a>\n\t\t<img decoding=\"async\" class=\"taz_item-frame\" src=\"\/wordpress\/wp-content\/themes\/AlexandreDeschaumes\/DevKit\/inc\/taz_imagePlaceholder.php?width=2500&height=1111&color=%23FFFFFF00\"> \n\t<\/div>\n<\/figure>","protected":false},"excerpt":{"rendered":"<p>D\u00e9couvrez ici une s\u00e9lection d\u2019images d\u2019une pr\u00e9cision exceptionnelle, allant de 100 \u00e0 1000 m\u00e9gapixels. Ces panoramas captivants vous offrent la possibilit\u00e9 d\u2019explorer chaque d\u00e9tail des paysages : animaux sauvages, alpinistes, b\u00e2timents ou encore textures subtiles se r\u00e9v\u00e8lent au fil de votre navigation. Pour profiter pleinement de cette exp\u00e9rience immersive, un grand \u00e9cran en mode plein [&hellip;]<\/p>\n","protected":false},"author":4,"featured_media":1049,"parent":0,"menu_order":0,"comment_status":"closed","ping_status":"closed","template":"","meta":{"_acf_changed":false,"footnotes":""},"class_list":["post-8957","page","type-page","status-publish","has-post-thumbnail","hentry"],"acf":[],"yoast_head":"<!-- This site is optimized with the Yoast SEO plugin v27.1.1 - https:\/\/yoast.com\/product\/yoast-seo-wordpress\/ -->\n<title>Photographies en tr\u00e8s haute r\u00e9solution &#8226; Alexandre Deschaumes<\/title>\n<meta name=\"robots\" content=\"index, follow, max-snippet:-1, max-image-preview:large, max-video-preview:-1\" \/>\n<link rel=\"canonical\" href=\"https:\/\/alexandredeschaumes.com\/en\/photographies-en-tres-haute-resolution\/\" \/>\n<meta property=\"og:locale\" content=\"en_US\" \/>\n<meta property=\"og:type\" content=\"article\" \/>\n<meta property=\"og:title\" content=\"Photographies en tr\u00e8s haute r\u00e9solution &#8226; Alexandre Deschaumes\" \/>\n<meta property=\"og:description\" content=\"D\u00e9couvrez ici une s\u00e9lection d\u2019images d\u2019une pr\u00e9cision exceptionnelle, allant de 100 \u00e0 1000 m\u00e9gapixels. Ces panoramas captivants vous offrent la possibilit\u00e9 d\u2019explorer chaque d\u00e9tail des paysages : animaux sauvages, alpinistes, b\u00e2timents ou encore textures subtiles se r\u00e9v\u00e8lent au fil de votre navigation. Pour profiter pleinement de cette exp\u00e9rience immersive, un grand \u00e9cran en mode plein [&hellip;]\" \/>\n<meta property=\"og:url\" content=\"https:\/\/alexandredeschaumes.com\/en\/photographies-en-tres-haute-resolution\/\" \/>\n<meta property=\"og:site_name\" content=\"Alexandre Deschaumes\" \/>\n<meta property=\"article:modified_time\" content=\"2025-08-27T09:28:22+00:00\" \/>\n<meta property=\"og:image\" content=\"https:\/\/alexandredeschaumes.com\/wordpress\/wp-content\/uploads\/3421-fitz-roy-argentine-patagonie-pano-HD-1.jpg\" \/>\n\t<meta property=\"og:image:width\" content=\"2500\" \/>\n\t<meta property=\"og:image:height\" content=\"1111\" \/>\n\t<meta property=\"og:image:type\" content=\"image\/jpeg\" \/>\n<meta name=\"twitter:card\" content=\"summary_large_image\" \/>\n<meta name=\"twitter:label1\" content=\"Est. reading time\" \/>\n\t<meta name=\"twitter:data1\" content=\"1 minute\" \/>\n<script type=\"application\/ld+json\" class=\"yoast-schema-graph\">{\"@context\":\"https:\/\/schema.org\",\"@graph\":[{\"@type\":\"WebPage\",\"@id\":\"https:\/\/alexandredeschaumes.com\/en\/photographies-en-tres-haute-resolution\/\",\"url\":\"https:\/\/alexandredeschaumes.com\/en\/photographies-en-tres-haute-resolution\/\",\"name\":\"Photographies en tr\u00e8s haute r\u00e9solution &#8226; Alexandre Deschaumes\",\"isPartOf\":{\"@id\":\"https:\/\/www.alexandredeschaumes.com\/en\/#website\"},\"primaryImageOfPage\":{\"@id\":\"https:\/\/alexandredeschaumes.com\/en\/photographies-en-tres-haute-resolution\/#primaryimage\"},\"image\":{\"@id\":\"https:\/\/alexandredeschaumes.com\/en\/photographies-en-tres-haute-resolution\/#primaryimage\"},\"thumbnailUrl\":\"https:\/\/alexandredeschaumes.com\/wordpress\/wp-content\/uploads\/3421-fitz-roy-argentine-patagonie-pano-HD-1.jpg\",\"datePublished\":\"2025-02-03T10:26:44+00:00\",\"dateModified\":\"2025-08-27T09:28:22+00:00\",\"breadcrumb\":{\"@id\":\"https:\/\/alexandredeschaumes.com\/en\/photographies-en-tres-haute-resolution\/#breadcrumb\"},\"inLanguage\":\"en-US\",\"potentialAction\":[{\"@type\":\"ReadAction\",\"target\":[\"https:\/\/alexandredeschaumes.com\/en\/photographies-en-tres-haute-resolution\/\"]}]},{\"@type\":\"ImageObject\",\"inLanguage\":\"en-US\",\"@id\":\"https:\/\/alexandredeschaumes.com\/en\/photographies-en-tres-haute-resolution\/#primaryimage\",\"url\":\"https:\/\/alexandredeschaumes.com\/wordpress\/wp-content\/uploads\/3421-fitz-roy-argentine-patagonie-pano-HD-1.jpg\",\"contentUrl\":\"https:\/\/alexandredeschaumes.com\/wordpress\/wp-content\/uploads\/3421-fitz-roy-argentine-patagonie-pano-HD-1.jpg\",\"width\":2500,\"height\":1111,\"caption\":\"Fitz Roy - Patagonie\"},{\"@type\":\"BreadcrumbList\",\"@id\":\"https:\/\/alexandredeschaumes.com\/en\/photographies-en-tres-haute-resolution\/#breadcrumb\",\"itemListElement\":[{\"@type\":\"ListItem\",\"position\":1,\"name\":\"Accueil\",\"item\":\"https:\/\/www.alexandredeschaumes.com\/en\/\"},{\"@type\":\"ListItem\",\"position\":2,\"name\":\"Photographies en tr\u00e8s haute r\u00e9solution\"}]},{\"@type\":\"WebSite\",\"@id\":\"https:\/\/www.alexandredeschaumes.com\/en\/#website\",\"url\":\"https:\/\/www.alexandredeschaumes.com\/en\/\",\"name\":\"Alexandre Deschaumes\",\"description\":\"Voyage \u00c9th\u00e9r\u00e9\",\"publisher\":{\"@id\":\"https:\/\/www.alexandredeschaumes.com\/en\/#\/schema\/person\/3f2eb1dca0b06296625cf6271563acac\"},\"potentialAction\":[{\"@type\":\"SearchAction\",\"target\":{\"@type\":\"EntryPoint\",\"urlTemplate\":\"https:\/\/www.alexandredeschaumes.com\/en\/?s={search_term_string}\"},\"query-input\":{\"@type\":\"PropertyValueSpecification\",\"valueRequired\":true,\"valueName\":\"search_term_string\"}}],\"inLanguage\":\"en-US\"},{\"@type\":[\"Person\",\"Organization\"],\"@id\":\"https:\/\/www.alexandredeschaumes.com\/en\/#\/schema\/person\/3f2eb1dca0b06296625cf6271563acac\",\"name\":\"Alexandre Deschaumes\",\"image\":{\"@type\":\"ImageObject\",\"inLanguage\":\"en-US\",\"@id\":\"https:\/\/www.alexandredeschaumes.com\/en\/#\/schema\/person\/image\/\",\"url\":\"https:\/\/alexandredeschaumes.com\/wordpress\/wp-content\/uploads\/Avatar-AlexandreDeschaumes-Brown.jpg\",\"contentUrl\":\"https:\/\/alexandredeschaumes.com\/wordpress\/wp-content\/uploads\/Avatar-AlexandreDeschaumes-Brown.jpg\",\"width\":1200,\"height\":1200,\"caption\":\"Alexandre Deschaumes\"},\"logo\":{\"@id\":\"https:\/\/www.alexandredeschaumes.com\/en\/#\/schema\/person\/image\/\"}}]}<\/script>\n<!-- \/ Yoast SEO plugin. -->","yoast_head_json":{"title":"Photographies en tr\u00e8s haute r\u00e9solution &#8226; Alexandre Deschaumes","robots":{"index":"index","follow":"follow","max-snippet":"max-snippet:-1","max-image-preview":"max-image-preview:large","max-video-preview":"max-video-preview:-1"},"canonical":"https:\/\/alexandredeschaumes.com\/en\/photographies-en-tres-haute-resolution\/","og_locale":"en_US","og_type":"article","og_title":"Photographies en tr\u00e8s haute r\u00e9solution &#8226; Alexandre Deschaumes","og_description":"D\u00e9couvrez ici une s\u00e9lection d\u2019images d\u2019une pr\u00e9cision exceptionnelle, allant de 100 \u00e0 1000 m\u00e9gapixels. Ces panoramas captivants vous offrent la possibilit\u00e9 d\u2019explorer chaque d\u00e9tail des paysages : animaux sauvages, alpinistes, b\u00e2timents ou encore textures subtiles se r\u00e9v\u00e8lent au fil de votre navigation. Pour profiter pleinement de cette exp\u00e9rience immersive, un grand \u00e9cran en mode plein [&hellip;]","og_url":"https:\/\/alexandredeschaumes.com\/en\/photographies-en-tres-haute-resolution\/","og_site_name":"Alexandre Deschaumes","article_modified_time":"2025-08-27T09:28:22+00:00","og_image":[{"width":2500,"height":1111,"url":"https:\/\/alexandredeschaumes.com\/wordpress\/wp-content\/uploads\/3421-fitz-roy-argentine-patagonie-pano-HD-1.jpg","type":"image\/jpeg"}],"twitter_card":"summary_large_image","twitter_misc":{"Est. reading time":"1 minute"},"schema":{"@context":"https:\/\/schema.org","@graph":[{"@type":"WebPage","@id":"https:\/\/alexandredeschaumes.com\/en\/photographies-en-tres-haute-resolution\/","url":"https:\/\/alexandredeschaumes.com\/en\/photographies-en-tres-haute-resolution\/","name":"Photographies en tr\u00e8s haute r\u00e9solution &#8226; Alexandre Deschaumes","isPartOf":{"@id":"https:\/\/www.alexandredeschaumes.com\/en\/#website"},"primaryImageOfPage":{"@id":"https:\/\/alexandredeschaumes.com\/en\/photographies-en-tres-haute-resolution\/#primaryimage"},"image":{"@id":"https:\/\/alexandredeschaumes.com\/en\/photographies-en-tres-haute-resolution\/#primaryimage"},"thumbnailUrl":"https:\/\/alexandredeschaumes.com\/wordpress\/wp-content\/uploads\/3421-fitz-roy-argentine-patagonie-pano-HD-1.jpg","datePublished":"2025-02-03T10:26:44+00:00","dateModified":"2025-08-27T09:28:22+00:00","breadcrumb":{"@id":"https:\/\/alexandredeschaumes.com\/en\/photographies-en-tres-haute-resolution\/#breadcrumb"},"inLanguage":"en-US","potentialAction":[{"@type":"ReadAction","target":["https:\/\/alexandredeschaumes.com\/en\/photographies-en-tres-haute-resolution\/"]}]},{"@type":"ImageObject","inLanguage":"en-US","@id":"https:\/\/alexandredeschaumes.com\/en\/photographies-en-tres-haute-resolution\/#primaryimage","url":"https:\/\/alexandredeschaumes.com\/wordpress\/wp-content\/uploads\/3421-fitz-roy-argentine-patagonie-pano-HD-1.jpg","contentUrl":"https:\/\/alexandredeschaumes.com\/wordpress\/wp-content\/uploads\/3421-fitz-roy-argentine-patagonie-pano-HD-1.jpg","width":2500,"height":1111,"caption":"Fitz Roy - Patagonie"},{"@type":"BreadcrumbList","@id":"https:\/\/alexandredeschaumes.com\/en\/photographies-en-tres-haute-resolution\/#breadcrumb","itemListElement":[{"@type":"ListItem","position":1,"name":"Accueil","item":"https:\/\/www.alexandredeschaumes.com\/en\/"},{"@type":"ListItem","position":2,"name":"Photographies en tr\u00e8s haute r\u00e9solution"}]},{"@type":"WebSite","@id":"https:\/\/www.alexandredeschaumes.com\/en\/#website","url":"https:\/\/www.alexandredeschaumes.com\/en\/","name":"Alexandre Deschaumes","description":"Voyage \u00c9th\u00e9r\u00e9","publisher":{"@id":"https:\/\/www.alexandredeschaumes.com\/en\/#\/schema\/person\/3f2eb1dca0b06296625cf6271563acac"},"potentialAction":[{"@type":"SearchAction","target":{"@type":"EntryPoint","urlTemplate":"https:\/\/www.alexandredeschaumes.com\/en\/?s={search_term_string}"},"query-input":{"@type":"PropertyValueSpecification","valueRequired":true,"valueName":"search_term_string"}}],"inLanguage":"en-US"},{"@type":["Person","Organization"],"@id":"https:\/\/www.alexandredeschaumes.com\/en\/#\/schema\/person\/3f2eb1dca0b06296625cf6271563acac","name":"Alexandre Deschaumes","image":{"@type":"ImageObject","inLanguage":"en-US","@id":"https:\/\/www.alexandredeschaumes.com\/en\/#\/schema\/person\/image\/","url":"https:\/\/alexandredeschaumes.com\/wordpress\/wp-content\/uploads\/Avatar-AlexandreDeschaumes-Brown.jpg","contentUrl":"https:\/\/alexandredeschaumes.com\/wordpress\/wp-content\/uploads\/Avatar-AlexandreDeschaumes-Brown.jpg","width":1200,"height":1200,"caption":"Alexandre Deschaumes"},"logo":{"@id":"https:\/\/www.alexandredeschaumes.com\/en\/#\/schema\/person\/image\/"}}]}},"_links":{"self":[{"href":"https:\/\/alexandredeschaumes.com\/en\/wp-json\/wp\/v2\/pages\/8957","targetHints":{"allow":["GET"]}}],"collection":[{"href":"https:\/\/alexandredeschaumes.com\/en\/wp-json\/wp\/v2\/pages"}],"about":[{"href":"https:\/\/alexandredeschaumes.com\/en\/wp-json\/wp\/v2\/types\/page"}],"author":[{"embeddable":true,"href":"https:\/\/alexandredeschaumes.com\/en\/wp-json\/wp\/v2\/users\/4"}],"replies":[{"embeddable":true,"href":"https:\/\/alexandredeschaumes.com\/en\/wp-json\/wp\/v2\/comments?post=8957"}],"version-history":[{"count":29,"href":"https:\/\/alexandredeschaumes.com\/en\/wp-json\/wp\/v2\/pages\/8957\/revisions"}],"predecessor-version":[{"id":9179,"href":"https:\/\/alexandredeschaumes.com\/en\/wp-json\/wp\/v2\/pages\/8957\/revisions\/9179"}],"wp:featuredmedia":[{"embeddable":true,"href":"https:\/\/alexandredeschaumes.com\/en\/wp-json\/wp\/v2\/media\/1049"}],"wp:attachment":[{"href":"https:\/\/alexandredeschaumes.com\/en\/wp-json\/wp\/v2\/media?parent=8957"}],"curies":[{"name":"wp","href":"https:\/\/api.w.org\/{rel}","templated":true}]}}